{"id":22,"date":"2025-05-15T12:26:23","date_gmt":"2025-05-15T12:26:23","guid":{"rendered":"https:\/\/wallnas.se\/?page_id=22"},"modified":"2025-05-15T18:28:54","modified_gmt":"2025-05-15T18:28:54","slug":"forsaljning-och-ekonomi","status":"publish","type":"page","link":"https:\/\/wallnas.se\/de_de\/om-foretaget\/forsaljning-och-ekonomi\/","title":{"rendered":"Verkauf und Finanzen"},"content":{"rendered":"<p>[et_pb_section fb_built=&#8221;1&#8243; _builder_version=&#8221;4.27.4&#8243; _module_preset=&#8221;default&#8221; global_colors_info=&#8221;{}&#8221;][et_pb_row column_structure=&#8221;1_4,3_4&#8243; _builder_version=&#8221;4.27.4&#8243; _module_preset=&#8221;default&#8221; global_colors_info=&#8221;{}&#8221;][et_pb_column type=&#8221;1_4&#8243; _builder_version=&#8221;4.27.4&#8243; _module_preset=&#8221;default&#8221; global_colors_info=&#8221;{}&#8221;][et_pb_sidebar show_border=&#8221;off&#8221; _builder_version=&#8221;4.27.4&#8243; _module_preset=&#8221;default&#8221; header_font=&#8221;|700|||||||&#8221; body_font=&#8221;|700|||||||&#8221; body_text_color=&#8221;#000000&#8243; body_line_height=&#8221;2.5em&#8221; global_colors_info=&#8221;{}&#8221; body_text_color__hover_enabled=&#8221;on|hover&#8221; body_text_color__hover=&#8221;#1b72ac&#8221;][\/et_pb_sidebar][\/et_pb_column][et_pb_column type=&#8221;3_4&#8243; _builder_version=&#8221;4.27.4&#8243; _module_preset=&#8221;default&#8221; global_colors_info=&#8221;{}&#8221;][et_pb_image src=&#8221;https:\/\/wallnas.se\/wp-content\/uploads\/2025\/05\/virkeshog_packat.jpg&#8221; title_text=&#8221;virkeshog_packat&#8221; _builder_version=&#8221;4.27.4&#8243; _module_preset=&#8221;default&#8221; global_colors_info=&#8221;{}&#8221;][\/et_pb_image][et_pb_text _builder_version=&#8221;4.27.4&#8243; _module_preset=&#8221;default&#8221; custom_css_free_form=&#8221;.wp-image-217 {||  border:1px solid #000000;||}&#8221; global_colors_info=&#8221;{}&#8221;]<\/p>\n<h1><img loading=\"lazy\" decoding=\"async\" src=\"https:\/\/wallnas.se\/wp-content\/uploads\/2025\/05\/AAA_2015.jpg\" width=\"434\" height=\"614\" alt=\"\" class=\"wp-image-217 alignright size-full\" \/><strong>F\u00f6rs\u00e4ljning och Ekonomi<\/strong><\/h1>\n<p>Walln\u00e4s Timber AB har ca\u00a0300 kunder\u00a0varav st\u00f6rsta delen av kundportf\u00f6ljen \u00e4r uppbyggd genom m\u00e5ng\u00e5riga aff\u00e4rsrelationer.<\/p>\n<p>Av bolagets totala produktion s\u00e4ljs ca 90 procent p\u00e5 export.<\/p>\n<p>Walln\u00e4skoncernen har en klassad soliditet AAA.<\/p>\n<p><img loading=\"lazy\" decoding=\"async\" src=\"https:\/\/wallnas.se\/wp-content\/uploads\/2025\/05\/AAA_soliditet_logo.png\" width=\"140\" height=\"63\" alt=\"\" class=\"wp-image-216 alignnone size-full\" srcset=\"https:\/\/wallnas.se\/wp-content\/uploads\/2025\/05\/AAA_soliditet_logo.png 140w, https:\/\/wallnas.se\/wp-content\/uploads\/2025\/05\/AAA_soliditet_logo-18x8.png 18w\" sizes=\"(max-width: 140px) 100vw, 140px\" \/><\/p>\n<p>[\/et_pb_text][\/et_pb_column][\/et_pb_row][\/et_pb_section]<\/p>\n","protected":false},"excerpt":{"rendered":"<p>F\u00f6rs\u00e4ljning och Ekonomi Walln\u00e4s Timber AB har ca\u00a0300 kunder\u00a0varav st\u00f6rsta delen av kundportf\u00f6ljen \u00e4r uppbyggd genom m\u00e5ng\u00e5riga aff\u00e4rsrelationer. Av bolagets totala produktion s\u00e4ljs ca 90 procent p\u00e5 export. Walln\u00e4skoncernen har en klassad soliditet AAA.<\/p>","protected":false},"author":1,"featured_media":0,"parent":16,"menu_order":0,"comment_status":"closed","ping_status":"closed","template":"","meta":{"_et_pb_use_builder":"on","_et_pb_old_content":"","_et_gb_content_width":"","footnotes":""},"class_list":["post-22","page","type-page","status-publish","hentry"],"yoast_head":"<!-- This site is optimized with the Yoast SEO plugin v27.4 - https:\/\/yoast.com\/product\/yoast-seo-wordpress\/ -->\n<title>F\u00f6rs\u00e4ljning och ekonomi - Walln\u00e4s - S\u00e5gverk i J\u00f6nk\u00f6ping, Sm\u00e5land f\u00f6r grova specialdimensioner<\/title>\n<meta name=\"robots\" content=\"index, follow, max-snippet:-1, max-image-preview:large, max-video-preview:-1\" \/>\n<link rel=\"canonical\" href=\"https:\/\/wallnas.se\/de_de\/om-foretaget\/forsaljning-och-ekonomi\/\" \/>\n<meta property=\"og:locale\" content=\"de_DE\" \/>\n<meta property=\"og:type\" content=\"article\" \/>\n<meta property=\"og:title\" content=\"F\u00f6rs\u00e4ljning och ekonomi - Walln\u00e4s - S\u00e5gverk i J\u00f6nk\u00f6ping, Sm\u00e5land f\u00f6r grova specialdimensioner\" \/>\n<meta property=\"og:description\" content=\"F\u00f6rs\u00e4ljning och Ekonomi Walln\u00e4s Timber AB har ca\u00a0300 kunder\u00a0varav st\u00f6rsta delen av kundportf\u00f6ljen \u00e4r uppbyggd genom m\u00e5ng\u00e5riga aff\u00e4rsrelationer. Av bolagets totala produktion s\u00e4ljs ca 90 procent p\u00e5 export. Walln\u00e4skoncernen har en klassad soliditet AAA.\" \/>\n<meta property=\"og:url\" content=\"https:\/\/wallnas.se\/de_de\/om-foretaget\/forsaljning-och-ekonomi\/\" \/>\n<meta property=\"og:site_name\" content=\"Walln\u00e4s - S\u00e5gverk i J\u00f6nk\u00f6ping, Sm\u00e5land f\u00f6r grova specialdimensioner\" \/>\n<meta property=\"article:modified_time\" content=\"2025-05-15T18:28:54+00:00\" \/>\n<meta property=\"og:image\" content=\"https:\/\/wallnas.se\/wp-content\/uploads\/2025\/05\/AAA_2015.jpg\" \/>\n\t<meta property=\"og:image:width\" content=\"595\" \/>\n\t<meta property=\"og:image:height\" content=\"842\" \/>\n\t<meta property=\"og:image:type\" content=\"image\/jpeg\" \/>\n<meta name=\"twitter:card\" content=\"summary_large_image\" \/>\n<meta name=\"twitter:label1\" content=\"Gesch\u00e4tzte Lesezeit\" \/>\n\t<meta name=\"twitter:data1\" content=\"1\u00a0Minute\" \/>\n<script type=\"application\/ld+json\" class=\"yoast-schema-graph\">{\"@context\":\"https:\\\/\\\/schema.org\",\"@graph\":[{\"@type\":\"WebPage\",\"@id\":\"https:\\\/\\\/wallnas.se\\\/om-foretaget\\\/forsaljning-och-ekonomi\\\/\",\"url\":\"https:\\\/\\\/wallnas.se\\\/om-foretaget\\\/forsaljning-och-ekonomi\\\/\",\"name\":\"F\u00f6rs\u00e4ljning och ekonomi - Walln\u00e4s - S\u00e5gverk i J\u00f6nk\u00f6ping, Sm\u00e5land f\u00f6r grova specialdimensioner\",\"isPartOf\":{\"@id\":\"https:\\\/\\\/wallnas.se\\\/#website\"},\"primaryImageOfPage\":{\"@id\":\"https:\\\/\\\/wallnas.se\\\/om-foretaget\\\/forsaljning-och-ekonomi\\\/#primaryimage\"},\"image\":{\"@id\":\"https:\\\/\\\/wallnas.se\\\/om-foretaget\\\/forsaljning-och-ekonomi\\\/#primaryimage\"},\"thumbnailUrl\":\"https:\\\/\\\/wallnas.se\\\/wp-content\\\/uploads\\\/2025\\\/05\\\/AAA_2015.jpg\",\"datePublished\":\"2025-05-15T12:26:23+00:00\",\"dateModified\":\"2025-05-15T18:28:54+00:00\",\"breadcrumb\":{\"@id\":\"https:\\\/\\\/wallnas.se\\\/om-foretaget\\\/forsaljning-och-ekonomi\\\/#breadcrumb\"},\"inLanguage\":\"de\",\"potentialAction\":[{\"@type\":\"ReadAction\",\"target\":[\"https:\\\/\\\/wallnas.se\\\/om-foretaget\\\/forsaljning-och-ekonomi\\\/\"]}]},{\"@type\":\"ImageObject\",\"inLanguage\":\"de\",\"@id\":\"https:\\\/\\\/wallnas.se\\\/om-foretaget\\\/forsaljning-och-ekonomi\\\/#primaryimage\",\"url\":\"https:\\\/\\\/wallnas.se\\\/wp-content\\\/uploads\\\/2025\\\/05\\\/AAA_2015.jpg\",\"contentUrl\":\"https:\\\/\\\/wallnas.se\\\/wp-content\\\/uploads\\\/2025\\\/05\\\/AAA_2015.jpg\"},{\"@type\":\"BreadcrumbList\",\"@id\":\"https:\\\/\\\/wallnas.se\\\/om-foretaget\\\/forsaljning-och-ekonomi\\\/#breadcrumb\",\"itemListElement\":[{\"@type\":\"ListItem\",\"position\":1,\"name\":\"Hem\",\"item\":\"https:\\\/\\\/wallnas.se\\\/\"},{\"@type\":\"ListItem\",\"position\":2,\"name\":\"Om F\u00f6retaget\",\"item\":\"https:\\\/\\\/wallnas.se\\\/om-foretaget\\\/\"},{\"@type\":\"ListItem\",\"position\":3,\"name\":\"F\u00f6rs\u00e4ljning och ekonomi\"}]},{\"@type\":\"WebSite\",\"@id\":\"https:\\\/\\\/wallnas.se\\\/#website\",\"url\":\"https:\\\/\\\/wallnas.se\\\/\",\"name\":\"Walln\u00e4s - S\u00e5gverk i J\u00f6nk\u00f6ping, Sm\u00e5land f\u00f6r grova specialdimensioner\",\"description\":\"Vi \u00e4r specialister p\u00e5 grova virkesdimensioner och grov skog. I mer \u00e4n 100 \u00e5r \u00e4r vi k\u00e4nda f\u00f6r v\u00e5r passion f\u00f6r h\u00f6g kvalitet och kundanpassade produkter. S\u00e5gverket \u00e4r v\u00e4l anpassat f\u00f6r en effektiv hantering av grova dimensioner p\u00e5 s\u00e5gat och hyvlat virke upp till 100 x 300mm.\",\"potentialAction\":[{\"@type\":\"SearchAction\",\"target\":{\"@type\":\"EntryPoint\",\"urlTemplate\":\"https:\\\/\\\/wallnas.se\\\/?s={search_term_string}\"},\"query-input\":{\"@type\":\"PropertyValueSpecification\",\"valueRequired\":true,\"valueName\":\"search_term_string\"}}],\"inLanguage\":\"de\"}]}<\/script>\n<!-- \/ Yoast SEO plugin. -->","yoast_head_json":{"title":"F\u00f6rs\u00e4ljning och ekonomi - Walln\u00e4s - S\u00e5gverk i J\u00f6nk\u00f6ping, Sm\u00e5land f\u00f6r grova specialdimensioner","robots":{"index":"index","follow":"follow","max-snippet":"max-snippet:-1","max-image-preview":"max-image-preview:large","max-video-preview":"max-video-preview:-1"},"canonical":"https:\/\/wallnas.se\/de_de\/om-foretaget\/forsaljning-och-ekonomi\/","og_locale":"de_DE","og_type":"article","og_title":"F\u00f6rs\u00e4ljning och ekonomi - Walln\u00e4s - S\u00e5gverk i J\u00f6nk\u00f6ping, Sm\u00e5land f\u00f6r grova specialdimensioner","og_description":"F\u00f6rs\u00e4ljning och Ekonomi Walln\u00e4s Timber AB har ca\u00a0300 kunder\u00a0varav st\u00f6rsta delen av kundportf\u00f6ljen \u00e4r uppbyggd genom m\u00e5ng\u00e5riga aff\u00e4rsrelationer. Av bolagets totala produktion s\u00e4ljs ca 90 procent p\u00e5 export. Walln\u00e4skoncernen har en klassad soliditet AAA.","og_url":"https:\/\/wallnas.se\/de_de\/om-foretaget\/forsaljning-och-ekonomi\/","og_site_name":"Walln\u00e4s - S\u00e5gverk i J\u00f6nk\u00f6ping, Sm\u00e5land f\u00f6r grova specialdimensioner","article_modified_time":"2025-05-15T18:28:54+00:00","og_image":[{"width":595,"height":842,"url":"https:\/\/wallnas.se\/wp-content\/uploads\/2025\/05\/AAA_2015.jpg","type":"image\/jpeg"}],"twitter_card":"summary_large_image","twitter_misc":{"Gesch\u00e4tzte Lesezeit":"1\u00a0Minute"},"schema":{"@context":"https:\/\/schema.org","@graph":[{"@type":"WebPage","@id":"https:\/\/wallnas.se\/om-foretaget\/forsaljning-och-ekonomi\/","url":"https:\/\/wallnas.se\/om-foretaget\/forsaljning-och-ekonomi\/","name":"F\u00f6rs\u00e4ljning och ekonomi - Walln\u00e4s - S\u00e5gverk i J\u00f6nk\u00f6ping, Sm\u00e5land f\u00f6r grova specialdimensioner","isPartOf":{"@id":"https:\/\/wallnas.se\/#website"},"primaryImageOfPage":{"@id":"https:\/\/wallnas.se\/om-foretaget\/forsaljning-och-ekonomi\/#primaryimage"},"image":{"@id":"https:\/\/wallnas.se\/om-foretaget\/forsaljning-och-ekonomi\/#primaryimage"},"thumbnailUrl":"https:\/\/wallnas.se\/wp-content\/uploads\/2025\/05\/AAA_2015.jpg","datePublished":"2025-05-15T12:26:23+00:00","dateModified":"2025-05-15T18:28:54+00:00","breadcrumb":{"@id":"https:\/\/wallnas.se\/om-foretaget\/forsaljning-och-ekonomi\/#breadcrumb"},"inLanguage":"de","potentialAction":[{"@type":"ReadAction","target":["https:\/\/wallnas.se\/om-foretaget\/forsaljning-och-ekonomi\/"]}]},{"@type":"ImageObject","inLanguage":"de","@id":"https:\/\/wallnas.se\/om-foretaget\/forsaljning-och-ekonomi\/#primaryimage","url":"https:\/\/wallnas.se\/wp-content\/uploads\/2025\/05\/AAA_2015.jpg","contentUrl":"https:\/\/wallnas.se\/wp-content\/uploads\/2025\/05\/AAA_2015.jpg"},{"@type":"BreadcrumbList","@id":"https:\/\/wallnas.se\/om-foretaget\/forsaljning-och-ekonomi\/#breadcrumb","itemListElement":[{"@type":"ListItem","position":1,"name":"Hem","item":"https:\/\/wallnas.se\/"},{"@type":"ListItem","position":2,"name":"Om F\u00f6retaget","item":"https:\/\/wallnas.se\/om-foretaget\/"},{"@type":"ListItem","position":3,"name":"F\u00f6rs\u00e4ljning och ekonomi"}]},{"@type":"WebSite","@id":"https:\/\/wallnas.se\/#website","url":"https:\/\/wallnas.se\/","name":"Walln\u00e4s - S\u00e5gverk i J\u00f6nk\u00f6ping, Sm\u00e5land f\u00f6r grova specialdimensioner","description":"Vi \u00e4r specialister p\u00e5 grova virkesdimensioner och grov skog. I mer \u00e4n 100 \u00e5r \u00e4r vi k\u00e4nda f\u00f6r v\u00e5r passion f\u00f6r h\u00f6g kvalitet och kundanpassade produkter. S\u00e5gverket \u00e4r v\u00e4l anpassat f\u00f6r en effektiv hantering av grova dimensioner p\u00e5 s\u00e5gat och hyvlat virke upp till 100 x 300mm.","potentialAction":[{"@type":"SearchAction","target":{"@type":"EntryPoint","urlTemplate":"https:\/\/wallnas.se\/?s={search_term_string}"},"query-input":{"@type":"PropertyValueSpecification","valueRequired":true,"valueName":"search_term_string"}}],"inLanguage":"de"}]}},"_links":{"self":[{"href":"https:\/\/wallnas.se\/de_de\/wp-json\/wp\/v2\/pages\/22","targetHints":{"allow":["GET"]}}],"collection":[{"href":"https:\/\/wallnas.se\/de_de\/wp-json\/wp\/v2\/pages"}],"about":[{"href":"https:\/\/wallnas.se\/de_de\/wp-json\/wp\/v2\/types\/page"}],"author":[{"embeddable":true,"href":"https:\/\/wallnas.se\/de_de\/wp-json\/wp\/v2\/users\/1"}],"replies":[{"embeddable":true,"href":"https:\/\/wallnas.se\/de_de\/wp-json\/wp\/v2\/comments?post=22"}],"version-history":[{"count":8,"href":"https:\/\/wallnas.se\/de_de\/wp-json\/wp\/v2\/pages\/22\/revisions"}],"predecessor-version":[{"id":272,"href":"https:\/\/wallnas.se\/de_de\/wp-json\/wp\/v2\/pages\/22\/revisions\/272"}],"up":[{"embeddable":true,"href":"https:\/\/wallnas.se\/de_de\/wp-json\/wp\/v2\/pages\/16"}],"wp:attachment":[{"href":"https:\/\/wallnas.se\/de_de\/wp-json\/wp\/v2\/media?parent=22"}],"curies":[{"name":"wp","href":"https:\/\/api.w.org\/{rel}","templated":true}]}}