{"id":16,"date":"2025-05-15T12:25:03","date_gmt":"2025-05-15T12:25:03","guid":{"rendered":"https:\/\/wallnas.se\/?page_id=16"},"modified":"2025-11-18T13:29:09","modified_gmt":"2025-11-18T13:29:09","slug":"om-foretaget","status":"publish","type":"page","link":"https:\/\/wallnas.se\/de_de\/om-foretaget\/","title":{"rendered":"\u00dcber uns"},"content":{"rendered":"<p>[et_pb_section fb_built=&#8221;1&#8243; _builder_version=&#8221;4.27.4&#8243; _module_preset=&#8221;default&#8221; global_colors_info=&#8221;{}&#8221; custom_padding=&#8221;||0px|||&#8221;][et_pb_row column_structure=&#8221;1_4,3_4&#8243; _builder_version=&#8221;4.27.4&#8243; _module_preset=&#8221;default&#8221; global_colors_info=&#8221;{}&#8221;][et_pb_column type=&#8221;1_4&#8243; _builder_version=&#8221;4.27.4&#8243; _module_preset=&#8221;default&#8221; global_colors_info=&#8221;{}&#8221;][et_pb_sidebar show_border=&#8221;off&#8221; _builder_version=&#8221;4.27.4&#8243; _module_preset=&#8221;default&#8221; header_font=&#8221;|700|||||||&#8221; body_font=&#8221;|700|||||||&#8221; body_text_color=&#8221;#000000&#8243; body_line_height=&#8221;2.5em&#8221; global_colors_info=&#8221;{}&#8221; body_text_color__hover_enabled=&#8221;on|hover&#8221; body_text_color__hover=&#8221;#1b72ac&#8221;][\/et_pb_sidebar][\/et_pb_column][et_pb_column type=&#8221;3_4&#8243; _builder_version=&#8221;4.27.4&#8243; _module_preset=&#8221;default&#8221; global_colors_info=&#8221;{}&#8221;][et_pb_text _builder_version=&#8221;4.27.4&#8243; _module_preset=&#8221;default&#8221; hover_enabled=&#8221;0&#8243; global_colors_info=&#8221;{}&#8221; sticky_enabled=&#8221;0&#8243;]<\/p>\n<h1><strong>F\u00f6retagsfakta<img loading=\"lazy\" decoding=\"async\" src=\"https:\/\/wallnas.se\/wp-content\/uploads\/2025\/05\/Flagga_stockar-300x200.jpg\" width=\"458\" height=\"306\" alt=\"\" class=\"wp-image-184 alignright size-medium\" \/><\/strong><\/h1>\n<p><strong>Walln\u00e4s AB<\/strong> \u00e4r ett familjef\u00f6retag sedan 1896 och \u00e4gs av \u00e4ttlingarna till grundaren Axel Fagerholm. Bolaget best\u00e5r, f\u00f6rutom s\u00e5gverksindustrin, ocks\u00e5 av ett markinnehav p\u00e5 7500 ha produktiv skogsmark. Huvudkontor och s\u00e5gverk som drivs av dotterbolaget <strong>Walln\u00e4s Timber AB<\/strong> f.o.m 2019-01-01 ligger strax v\u00e4ster om Mariannelund i Eksj\u00f6 kommun.<\/p>\n<p>Walln\u00e4s Timber AB tillverkar s\u00e5gade och hyvlade tr\u00e4varor av gran och furu och \u00e4r starkt nischat mot grovt timmer och d\u00e4rmed gr\u00f6vre, bredare och fingerskarvade virkesdimensioner. Produkterna anv\u00e4nds fr\u00e4mst inom konstruktion- och m\u00f6beltillverkning.<\/p>\n<p>&nbsp;<\/p>\n<h3>Walln\u00e4skoncernen<\/h3>\n<ul>\n<li><strong>Oms\u00e4ttning<\/strong>: 529 milj. SEK<\/li>\n<li><strong>Kreditv\u00e4rdighet<\/strong>: AAA<\/li>\n<li><strong>Timmerf\u00f6rbrukning<\/strong>: 175\u00a0000 m3to.<\/li>\n<li><strong>Produktionsvolym<\/strong>: 125 000 m3sv.<\/li>\n<li><strong>Antal anst\u00e4llda:<\/strong> 55 pers.<\/li>\n<li><strong>Tr\u00e4dslagsf\u00f6rdelning:<\/strong>\u00a0 80% gran\u00a0 20% tall.<\/li>\n<li><strong>Milj\u00f6certifiering<\/strong>: Skogsbest\u00e5ndet \u00e4r milj\u00f6certifierat enligt PEFC. (<a href=\"http:\/\/www.pefc.se\">www.pefc.se<\/a>)<\/li>\n<li><strong>Styrelseordf\u00f6rande: <\/strong>Siri Aili Fagerholm<\/li>\n<\/ul>\n<p>[\/et_pb_text][\/et_pb_column][\/et_pb_row][\/et_pb_section]<\/p>\n","protected":false},"excerpt":{"rendered":"<p>F\u00f6retagsfakta Walln\u00e4s AB \u00e4r ett familjef\u00f6retag sedan 1896 och \u00e4gs av \u00e4ttlingarna till grundaren Axel Fagerholm. Bolaget best\u00e5r, f\u00f6rutom s\u00e5gverksindustrin, ocks\u00e5 av ett markinnehav p\u00e5 7500 ha produktiv skogsmark. Huvudkontor och s\u00e5gverk som drivs av dotterbolaget Walln\u00e4s Timber AB f.o.m 2019-01-01 ligger strax v\u00e4ster om Mariannelund i Eksj\u00f6 kommun. Walln\u00e4s Timber AB tillverkar s\u00e5gade och [&hellip;]<\/p>\n","protected":false},"author":1,"featured_media":0,"parent":0,"menu_order":0,"comment_status":"closed","ping_status":"closed","template":"","meta":{"_et_pb_use_builder":"on","_et_pb_old_content":"","_et_gb_content_width":"","footnotes":""},"class_list":["post-16","page","type-page","status-publish","hentry"],"yoast_head":"<!-- This site is optimized with the Yoast SEO plugin v27.4 - https:\/\/yoast.com\/product\/yoast-seo-wordpress\/ -->\n<title>Om F\u00f6retaget - Walln\u00e4s - S\u00e5gverk i J\u00f6nk\u00f6ping, Sm\u00e5land f\u00f6r grova specialdimensioner<\/title>\n<meta name=\"robots\" content=\"index, follow, max-snippet:-1, max-image-preview:large, max-video-preview:-1\" \/>\n<link rel=\"canonical\" href=\"https:\/\/wallnas.se\/de_de\/om-foretaget\/\" \/>\n<meta property=\"og:locale\" content=\"de_DE\" \/>\n<meta property=\"og:type\" content=\"article\" \/>\n<meta property=\"og:title\" content=\"Om F\u00f6retaget - Walln\u00e4s - S\u00e5gverk i J\u00f6nk\u00f6ping, Sm\u00e5land f\u00f6r grova specialdimensioner\" \/>\n<meta property=\"og:description\" content=\"F\u00f6retagsfakta Walln\u00e4s AB \u00e4r ett familjef\u00f6retag sedan 1896 och \u00e4gs av \u00e4ttlingarna till grundaren Axel Fagerholm. Bolaget best\u00e5r, f\u00f6rutom s\u00e5gverksindustrin, ocks\u00e5 av ett markinnehav p\u00e5 7500 ha produktiv skogsmark. Huvudkontor och s\u00e5gverk som drivs av dotterbolaget Walln\u00e4s Timber AB f.o.m 2019-01-01 ligger strax v\u00e4ster om Mariannelund i Eksj\u00f6 kommun. Walln\u00e4s Timber AB tillverkar s\u00e5gade och [&hellip;]\" \/>\n<meta property=\"og:url\" content=\"https:\/\/wallnas.se\/de_de\/om-foretaget\/\" \/>\n<meta property=\"og:site_name\" content=\"Walln\u00e4s - S\u00e5gverk i J\u00f6nk\u00f6ping, Sm\u00e5land f\u00f6r grova specialdimensioner\" \/>\n<meta property=\"article:modified_time\" content=\"2025-11-18T13:29:09+00:00\" \/>\n<meta property=\"og:image\" content=\"https:\/\/wallnas.se\/wp-content\/uploads\/2025\/05\/Flagga_stockar.jpg\" \/>\n\t<meta property=\"og:image:width\" content=\"1200\" \/>\n\t<meta property=\"og:image:height\" content=\"800\" \/>\n\t<meta property=\"og:image:type\" content=\"image\/jpeg\" \/>\n<meta name=\"twitter:card\" content=\"summary_large_image\" \/>\n<meta name=\"twitter:label1\" content=\"Gesch\u00e4tzte Lesezeit\" \/>\n\t<meta name=\"twitter:data1\" content=\"1\u00a0Minute\" \/>\n<script type=\"application\/ld+json\" class=\"yoast-schema-graph\">{\"@context\":\"https:\\\/\\\/schema.org\",\"@graph\":[{\"@type\":\"WebPage\",\"@id\":\"https:\\\/\\\/wallnas.se\\\/om-foretaget\\\/\",\"url\":\"https:\\\/\\\/wallnas.se\\\/om-foretaget\\\/\",\"name\":\"Om F\u00f6retaget - Walln\u00e4s - S\u00e5gverk i J\u00f6nk\u00f6ping, Sm\u00e5land f\u00f6r grova specialdimensioner\",\"isPartOf\":{\"@id\":\"https:\\\/\\\/wallnas.se\\\/#website\"},\"primaryImageOfPage\":{\"@id\":\"https:\\\/\\\/wallnas.se\\\/om-foretaget\\\/#primaryimage\"},\"image\":{\"@id\":\"https:\\\/\\\/wallnas.se\\\/om-foretaget\\\/#primaryimage\"},\"thumbnailUrl\":\"https:\\\/\\\/wallnas.se\\\/wp-content\\\/uploads\\\/2025\\\/05\\\/Flagga_stockar-300x200.jpg\",\"datePublished\":\"2025-05-15T12:25:03+00:00\",\"dateModified\":\"2025-11-18T13:29:09+00:00\",\"breadcrumb\":{\"@id\":\"https:\\\/\\\/wallnas.se\\\/om-foretaget\\\/#breadcrumb\"},\"inLanguage\":\"de\",\"potentialAction\":[{\"@type\":\"ReadAction\",\"target\":[\"https:\\\/\\\/wallnas.se\\\/om-foretaget\\\/\"]}]},{\"@type\":\"ImageObject\",\"inLanguage\":\"de\",\"@id\":\"https:\\\/\\\/wallnas.se\\\/om-foretaget\\\/#primaryimage\",\"url\":\"https:\\\/\\\/wallnas.se\\\/wp-content\\\/uploads\\\/2025\\\/05\\\/Flagga_stockar-300x200.jpg\",\"contentUrl\":\"https:\\\/\\\/wallnas.se\\\/wp-content\\\/uploads\\\/2025\\\/05\\\/Flagga_stockar-300x200.jpg\"},{\"@type\":\"BreadcrumbList\",\"@id\":\"https:\\\/\\\/wallnas.se\\\/om-foretaget\\\/#breadcrumb\",\"itemListElement\":[{\"@type\":\"ListItem\",\"position\":1,\"name\":\"Hem\",\"item\":\"https:\\\/\\\/wallnas.se\\\/\"},{\"@type\":\"ListItem\",\"position\":2,\"name\":\"Om F\u00f6retaget\"}]},{\"@type\":\"WebSite\",\"@id\":\"https:\\\/\\\/wallnas.se\\\/#website\",\"url\":\"https:\\\/\\\/wallnas.se\\\/\",\"name\":\"Walln\u00e4s - S\u00e5gverk i J\u00f6nk\u00f6ping, Sm\u00e5land f\u00f6r grova specialdimensioner\",\"description\":\"Vi \u00e4r specialister p\u00e5 grova virkesdimensioner och grov skog. I mer \u00e4n 100 \u00e5r \u00e4r vi k\u00e4nda f\u00f6r v\u00e5r passion f\u00f6r h\u00f6g kvalitet och kundanpassade produkter. S\u00e5gverket \u00e4r v\u00e4l anpassat f\u00f6r en effektiv hantering av grova dimensioner p\u00e5 s\u00e5gat och hyvlat virke upp till 100 x 300mm.\",\"potentialAction\":[{\"@type\":\"SearchAction\",\"target\":{\"@type\":\"EntryPoint\",\"urlTemplate\":\"https:\\\/\\\/wallnas.se\\\/?s={search_term_string}\"},\"query-input\":{\"@type\":\"PropertyValueSpecification\",\"valueRequired\":true,\"valueName\":\"search_term_string\"}}],\"inLanguage\":\"de\"}]}<\/script>\n<!-- \/ Yoast SEO plugin. -->","yoast_head_json":{"title":"Om F\u00f6retaget - Walln\u00e4s - S\u00e5gverk i J\u00f6nk\u00f6ping, Sm\u00e5land f\u00f6r grova specialdimensioner","robots":{"index":"index","follow":"follow","max-snippet":"max-snippet:-1","max-image-preview":"max-image-preview:large","max-video-preview":"max-video-preview:-1"},"canonical":"https:\/\/wallnas.se\/de_de\/om-foretaget\/","og_locale":"de_DE","og_type":"article","og_title":"Om F\u00f6retaget - Walln\u00e4s - S\u00e5gverk i J\u00f6nk\u00f6ping, Sm\u00e5land f\u00f6r grova specialdimensioner","og_description":"F\u00f6retagsfakta Walln\u00e4s AB \u00e4r ett familjef\u00f6retag sedan 1896 och \u00e4gs av \u00e4ttlingarna till grundaren Axel Fagerholm. Bolaget best\u00e5r, f\u00f6rutom s\u00e5gverksindustrin, ocks\u00e5 av ett markinnehav p\u00e5 7500 ha produktiv skogsmark. Huvudkontor och s\u00e5gverk som drivs av dotterbolaget Walln\u00e4s Timber AB f.o.m 2019-01-01 ligger strax v\u00e4ster om Mariannelund i Eksj\u00f6 kommun. Walln\u00e4s Timber AB tillverkar s\u00e5gade och [&hellip;]","og_url":"https:\/\/wallnas.se\/de_de\/om-foretaget\/","og_site_name":"Walln\u00e4s - S\u00e5gverk i J\u00f6nk\u00f6ping, Sm\u00e5land f\u00f6r grova specialdimensioner","article_modified_time":"2025-11-18T13:29:09+00:00","og_image":[{"width":1200,"height":800,"url":"https:\/\/wallnas.se\/wp-content\/uploads\/2025\/05\/Flagga_stockar.jpg","type":"image\/jpeg"}],"twitter_card":"summary_large_image","twitter_misc":{"Gesch\u00e4tzte Lesezeit":"1\u00a0Minute"},"schema":{"@context":"https:\/\/schema.org","@graph":[{"@type":"WebPage","@id":"https:\/\/wallnas.se\/om-foretaget\/","url":"https:\/\/wallnas.se\/om-foretaget\/","name":"Om F\u00f6retaget - Walln\u00e4s - S\u00e5gverk i J\u00f6nk\u00f6ping, Sm\u00e5land f\u00f6r grova specialdimensioner","isPartOf":{"@id":"https:\/\/wallnas.se\/#website"},"primaryImageOfPage":{"@id":"https:\/\/wallnas.se\/om-foretaget\/#primaryimage"},"image":{"@id":"https:\/\/wallnas.se\/om-foretaget\/#primaryimage"},"thumbnailUrl":"https:\/\/wallnas.se\/wp-content\/uploads\/2025\/05\/Flagga_stockar-300x200.jpg","datePublished":"2025-05-15T12:25:03+00:00","dateModified":"2025-11-18T13:29:09+00:00","breadcrumb":{"@id":"https:\/\/wallnas.se\/om-foretaget\/#breadcrumb"},"inLanguage":"de","potentialAction":[{"@type":"ReadAction","target":["https:\/\/wallnas.se\/om-foretaget\/"]}]},{"@type":"ImageObject","inLanguage":"de","@id":"https:\/\/wallnas.se\/om-foretaget\/#primaryimage","url":"https:\/\/wallnas.se\/wp-content\/uploads\/2025\/05\/Flagga_stockar-300x200.jpg","contentUrl":"https:\/\/wallnas.se\/wp-content\/uploads\/2025\/05\/Flagga_stockar-300x200.jpg"},{"@type":"BreadcrumbList","@id":"https:\/\/wallnas.se\/om-foretaget\/#breadcrumb","itemListElement":[{"@type":"ListItem","position":1,"name":"Hem","item":"https:\/\/wallnas.se\/"},{"@type":"ListItem","position":2,"name":"Om F\u00f6retaget"}]},{"@type":"WebSite","@id":"https:\/\/wallnas.se\/#website","url":"https:\/\/wallnas.se\/","name":"Walln\u00e4s - S\u00e5gverk i J\u00f6nk\u00f6ping, Sm\u00e5land f\u00f6r grova specialdimensioner","description":"Vi \u00e4r specialister p\u00e5 grova virkesdimensioner och grov skog. I mer \u00e4n 100 \u00e5r \u00e4r vi k\u00e4nda f\u00f6r v\u00e5r passion f\u00f6r h\u00f6g kvalitet och kundanpassade produkter. S\u00e5gverket \u00e4r v\u00e4l anpassat f\u00f6r en effektiv hantering av grova dimensioner p\u00e5 s\u00e5gat och hyvlat virke upp till 100 x 300mm.","potentialAction":[{"@type":"SearchAction","target":{"@type":"EntryPoint","urlTemplate":"https:\/\/wallnas.se\/?s={search_term_string}"},"query-input":{"@type":"PropertyValueSpecification","valueRequired":true,"valueName":"search_term_string"}}],"inLanguage":"de"}]}},"_links":{"self":[{"href":"https:\/\/wallnas.se\/de_de\/wp-json\/wp\/v2\/pages\/16","targetHints":{"allow":["GET"]}}],"collection":[{"href":"https:\/\/wallnas.se\/de_de\/wp-json\/wp\/v2\/pages"}],"about":[{"href":"https:\/\/wallnas.se\/de_de\/wp-json\/wp\/v2\/types\/page"}],"author":[{"embeddable":true,"href":"https:\/\/wallnas.se\/de_de\/wp-json\/wp\/v2\/users\/1"}],"replies":[{"embeddable":true,"href":"https:\/\/wallnas.se\/de_de\/wp-json\/wp\/v2\/comments?post=16"}],"version-history":[{"count":13,"href":"https:\/\/wallnas.se\/de_de\/wp-json\/wp\/v2\/pages\/16\/revisions"}],"predecessor-version":[{"id":336,"href":"https:\/\/wallnas.se\/de_de\/wp-json\/wp\/v2\/pages\/16\/revisions\/336"}],"wp:attachment":[{"href":"https:\/\/wallnas.se\/de_de\/wp-json\/wp\/v2\/media?parent=16"}],"curies":[{"name":"wp","href":"https:\/\/api.w.org\/{rel}","templated":true}]}}