{"id":14,"date":"2025-05-15T12:24:42","date_gmt":"2025-05-15T12:24:42","guid":{"rendered":"https:\/\/wallnas.se\/?page_id=14"},"modified":"2025-05-15T14:38:21","modified_gmt":"2025-05-15T14:38:21","slug":"miljopolicy","status":"publish","type":"page","link":"https:\/\/wallnas.se\/de_de\/miljopolicy\/","title":{"rendered":"Umweltgrundsatz"},"content":{"rendered":"<p>[et_pb_section fb_built=&#8221;1&#8243; _builder_version=&#8221;4.27.4&#8243; _module_preset=&#8221;default&#8221; global_colors_info=&#8221;{}&#8221; theme_builder_area=&#8221;post_content&#8221;][et_pb_row column_structure=&#8221;1_4,3_4&#8243; _builder_version=&#8221;4.27.4&#8243; _module_preset=&#8221;default&#8221; global_colors_info=&#8221;{}&#8221; theme_builder_area=&#8221;post_content&#8221;][et_pb_column type=&#8221;1_4&#8243; _builder_version=&#8221;4.27.4&#8243; _module_preset=&#8221;default&#8221; global_colors_info=&#8221;{}&#8221; theme_builder_area=&#8221;post_content&#8221;][et_pb_image src=&#8221;https:\/\/wallnas.se\/wp-content\/uploads\/2025\/05\/pefc-label-pefc05-32-202-pefc-label-website.png&#8221; _builder_version=&#8221;4.27.4&#8243; _module_preset=&#8221;default&#8221; theme_builder_area=&#8221;post_content&#8221; title_text=&#8221;pefc-label-pefc05-32-202-pefc-label-website&#8221; hover_enabled=&#8221;0&#8243; sticky_enabled=&#8221;0&#8243;][\/et_pb_image][et_pb_image src=&#8221;https:\/\/wallnas.se\/wp-content\/uploads\/2025\/05\/FSC_C125348_Promotional_with_text_Portrait_WhiteOnGreen_r_SMeEaW.jpeg&#8221; _builder_version=&#8221;4.27.4&#8243; _module_preset=&#8221;default&#8221; theme_builder_area=&#8221;post_content&#8221; title_text=&#8221;FSC_C125348_Promotional_with_text_Portrait_WhiteOnGreen_r_SMeEaW&#8221; hover_enabled=&#8221;0&#8243; sticky_enabled=&#8221;0&#8243;][\/et_pb_image][\/et_pb_column][et_pb_column type=&#8221;3_4&#8243; _builder_version=&#8221;4.27.4&#8243; _module_preset=&#8221;default&#8221; global_colors_info=&#8221;{}&#8221; theme_builder_area=&#8221;post_content&#8221;][et_pb_image src=&#8221;https:\/\/wallnas.se\/wp-content\/uploads\/2025\/05\/virkeshog_packat.jpg&#8221; title_text=&#8221;virkeshog_packat&#8221; _builder_version=&#8221;4.27.4&#8243; _module_preset=&#8221;default&#8221; hover_enabled=&#8221;0&#8243; global_colors_info=&#8221;{}&#8221; theme_builder_area=&#8221;post_content&#8221; sticky_enabled=&#8221;0&#8243;][\/et_pb_image][et_pb_text _builder_version=&#8221;4.27.4&#8243; _module_preset=&#8221;default&#8221; hover_enabled=&#8221;0&#8243; global_colors_info=&#8221;{}&#8221; theme_builder_area=&#8221;post_content&#8221; sticky_enabled=&#8221;0&#8243;]<\/p>\n<p><strong><img loading=\"lazy\" decoding=\"async\" src=\"https:\/\/wallnas.se\/wp-content\/uploads\/2025\/05\/Flismaskin_hog-683x1024.jpg\" width=\"396\" height=\"594\" alt=\"\" class=\"wp-image-177 alignright size-large\" \/>Walln\u00e4s Timber AB skall som f\u00f6rbrukare av skoglig r\u00e5vara och med tr\u00e4f\u00f6r\u00e4dlande industri verka f\u00f6r att verksamheten bedrivs p\u00e5 ett s\u00e5 skonsamt s\u00e4tt som m\u00f6jligt, f\u00f6r milj\u00f6n och f\u00f6r de anst\u00e4llda.<\/strong><\/p>\n<p>Vi skall uppfylla g\u00e4llande lagstiftning samt f\u00f6lja PEFC (PEFC\/05-32-202) och FSC\u00ae (FSC-C125348):s krav och intentioner, och s\u00e5 l\u00e5ngt m\u00f6jligt f\u00f6rvissa oss om att r\u00e5varan ej kommer fr\u00e5n olaglig eller av samh\u00e4llet icke auktoriserad avverkning, nyckelbiotoper, skogsomr\u00e5den d\u00e4r h\u00e4vdvunna eller medborgerliga r\u00e4ttigheter kr\u00e4nks, skogar d\u00e4r h\u00f6ga bevarandev\u00e4rden \u00e4r hotade, genmanipulerade tr\u00e4d eller naturskog som har avverkats i syfte att nyttja omr\u00e5det f\u00f6r plantager eller icke skoglig markanv\u00e4ndning.<\/p>\n<p><strong>F\u00f6lja ILO:s k\u00e4rnkonventioner g\u00e4llande:<\/strong><\/p>\n<ul>\n<li>Barnarbete<\/li>\n<li>Tv\u00e5ngsarbete<\/li>\n<li>Diskriminering p\u00e5 arbetsplatsen<\/li>\n<li>Ansluta sig till facket, och kollektivavtal<\/li>\n<\/ul>\n<p>Verksamheten skall bedrivas och f\u00f6rb\u00e4ttras p\u00e5 ett s\u00e5dant s\u00e4tt att den eventuella negativa p\u00e5verkan p\u00e5 milj\u00f6n minskar.<\/p>\n<p>R\u00e5varan skall till st\u00f6rsta m\u00f6jliga andel komma fr\u00e5n ett milj\u00f6anpassat certifierat skogsbruk. Walln\u00e4s Timber AB skall verka f\u00f6r att denna volym \u00f6kar.<\/p>\n<p>Vi skall p\u00e5 ett ansvarsfullt s\u00e4tt fullg\u00f6ra v\u00e5ra \u00e5tagande mot anst\u00e4llda, samh\u00e4lle, milj\u00f6 och uppdragstagare.<\/p>\n<p>Personalen skall utbildas och informeras s\u00e5 att den kan uppfylla ovanst\u00e5ende krav och intentioner.<\/p>\n<p>Ralf Rosberg<br \/>VD.<\/p>\n<p>[\/et_pb_text][\/et_pb_column][\/et_pb_row][\/et_pb_section]<\/p>\n","protected":false},"excerpt":{"rendered":"<p>Walln\u00e4s Timber AB skall som f\u00f6rbrukare av skoglig r\u00e5vara och med tr\u00e4f\u00f6r\u00e4dlande industri verka f\u00f6r att verksamheten bedrivs p\u00e5 ett s\u00e5 skonsamt s\u00e4tt som m\u00f6jligt, f\u00f6r milj\u00f6n och f\u00f6r de anst\u00e4llda. Vi skall uppfylla g\u00e4llande lagstiftning samt f\u00f6lja PEFC (PEFC\/05-32-202) och FSC\u00ae (FSC-C125348):s krav och intentioner, och s\u00e5 l\u00e5ngt m\u00f6jligt f\u00f6rvissa oss om att r\u00e5varan [&hellip;]<\/p>\n","protected":false},"author":1,"featured_media":0,"parent":0,"menu_order":0,"comment_status":"closed","ping_status":"closed","template":"","meta":{"_et_pb_use_builder":"on","_et_pb_old_content":"","_et_gb_content_width":"","footnotes":""},"class_list":["post-14","page","type-page","status-publish","hentry"],"yoast_head":"<!-- This site is optimized with the Yoast SEO plugin v27.4 - https:\/\/yoast.com\/product\/yoast-seo-wordpress\/ -->\n<title>Milj\u00f6policy - Walln\u00e4s - S\u00e5gverk i J\u00f6nk\u00f6ping, Sm\u00e5land f\u00f6r grova specialdimensioner<\/title>\n<meta name=\"robots\" content=\"index, follow, max-snippet:-1, max-image-preview:large, max-video-preview:-1\" \/>\n<link rel=\"canonical\" href=\"https:\/\/wallnas.se\/de_de\/miljopolicy\/\" \/>\n<meta property=\"og:locale\" content=\"de_DE\" \/>\n<meta property=\"og:type\" content=\"article\" \/>\n<meta property=\"og:title\" content=\"Milj\u00f6policy - Walln\u00e4s - S\u00e5gverk i J\u00f6nk\u00f6ping, Sm\u00e5land f\u00f6r grova specialdimensioner\" \/>\n<meta property=\"og:description\" content=\"Walln\u00e4s Timber AB skall som f\u00f6rbrukare av skoglig r\u00e5vara och med tr\u00e4f\u00f6r\u00e4dlande industri verka f\u00f6r att verksamheten bedrivs p\u00e5 ett s\u00e5 skonsamt s\u00e4tt som m\u00f6jligt, f\u00f6r milj\u00f6n och f\u00f6r de anst\u00e4llda. Vi skall uppfylla g\u00e4llande lagstiftning samt f\u00f6lja PEFC (PEFC\/05-32-202) och FSC\u00ae (FSC-C125348):s krav och intentioner, och s\u00e5 l\u00e5ngt m\u00f6jligt f\u00f6rvissa oss om att r\u00e5varan [&hellip;]\" \/>\n<meta property=\"og:url\" content=\"https:\/\/wallnas.se\/de_de\/miljopolicy\/\" \/>\n<meta property=\"og:site_name\" content=\"Walln\u00e4s - S\u00e5gverk i J\u00f6nk\u00f6ping, Sm\u00e5land f\u00f6r grova specialdimensioner\" \/>\n<meta property=\"article:modified_time\" content=\"2025-05-15T14:38:21+00:00\" \/>\n<meta property=\"og:image\" content=\"https:\/\/wallnas.se\/wp-content\/uploads\/2025\/05\/Flismaskin_hog.jpg\" \/>\n\t<meta property=\"og:image:width\" content=\"1200\" \/>\n\t<meta property=\"og:image:height\" content=\"1800\" \/>\n\t<meta property=\"og:image:type\" content=\"image\/jpeg\" \/>\n<meta name=\"twitter:card\" content=\"summary_large_image\" \/>\n<meta name=\"twitter:label1\" content=\"Gesch\u00e4tzte Lesezeit\" \/>\n\t<meta name=\"twitter:data1\" content=\"2\u00a0Minuten\" \/>\n<script type=\"application\/ld+json\" class=\"yoast-schema-graph\">{\"@context\":\"https:\\\/\\\/schema.org\",\"@graph\":[{\"@type\":\"WebPage\",\"@id\":\"https:\\\/\\\/wallnas.se\\\/miljopolicy\\\/\",\"url\":\"https:\\\/\\\/wallnas.se\\\/miljopolicy\\\/\",\"name\":\"Milj\u00f6policy - Walln\u00e4s - S\u00e5gverk i J\u00f6nk\u00f6ping, Sm\u00e5land f\u00f6r grova specialdimensioner\",\"isPartOf\":{\"@id\":\"https:\\\/\\\/wallnas.se\\\/#website\"},\"primaryImageOfPage\":{\"@id\":\"https:\\\/\\\/wallnas.se\\\/miljopolicy\\\/#primaryimage\"},\"image\":{\"@id\":\"https:\\\/\\\/wallnas.se\\\/miljopolicy\\\/#primaryimage\"},\"thumbnailUrl\":\"https:\\\/\\\/wallnas.se\\\/wp-content\\\/uploads\\\/2025\\\/05\\\/Flismaskin_hog-683x1024.jpg\",\"datePublished\":\"2025-05-15T12:24:42+00:00\",\"dateModified\":\"2025-05-15T14:38:21+00:00\",\"breadcrumb\":{\"@id\":\"https:\\\/\\\/wallnas.se\\\/miljopolicy\\\/#breadcrumb\"},\"inLanguage\":\"de\",\"potentialAction\":[{\"@type\":\"ReadAction\",\"target\":[\"https:\\\/\\\/wallnas.se\\\/miljopolicy\\\/\"]}]},{\"@type\":\"ImageObject\",\"inLanguage\":\"de\",\"@id\":\"https:\\\/\\\/wallnas.se\\\/miljopolicy\\\/#primaryimage\",\"url\":\"https:\\\/\\\/wallnas.se\\\/wp-content\\\/uploads\\\/2025\\\/05\\\/Flismaskin_hog-683x1024.jpg\",\"contentUrl\":\"https:\\\/\\\/wallnas.se\\\/wp-content\\\/uploads\\\/2025\\\/05\\\/Flismaskin_hog-683x1024.jpg\"},{\"@type\":\"BreadcrumbList\",\"@id\":\"https:\\\/\\\/wallnas.se\\\/miljopolicy\\\/#breadcrumb\",\"itemListElement\":[{\"@type\":\"ListItem\",\"position\":1,\"name\":\"Hem\",\"item\":\"https:\\\/\\\/wallnas.se\\\/\"},{\"@type\":\"ListItem\",\"position\":2,\"name\":\"Milj\u00f6policy\"}]},{\"@type\":\"WebSite\",\"@id\":\"https:\\\/\\\/wallnas.se\\\/#website\",\"url\":\"https:\\\/\\\/wallnas.se\\\/\",\"name\":\"Walln\u00e4s - S\u00e5gverk i J\u00f6nk\u00f6ping, Sm\u00e5land f\u00f6r grova specialdimensioner\",\"description\":\"Vi \u00e4r specialister p\u00e5 grova virkesdimensioner och grov skog. I mer \u00e4n 100 \u00e5r \u00e4r vi k\u00e4nda f\u00f6r v\u00e5r passion f\u00f6r h\u00f6g kvalitet och kundanpassade produkter. S\u00e5gverket \u00e4r v\u00e4l anpassat f\u00f6r en effektiv hantering av grova dimensioner p\u00e5 s\u00e5gat och hyvlat virke upp till 100 x 300mm.\",\"potentialAction\":[{\"@type\":\"SearchAction\",\"target\":{\"@type\":\"EntryPoint\",\"urlTemplate\":\"https:\\\/\\\/wallnas.se\\\/?s={search_term_string}\"},\"query-input\":{\"@type\":\"PropertyValueSpecification\",\"valueRequired\":true,\"valueName\":\"search_term_string\"}}],\"inLanguage\":\"de\"}]}<\/script>\n<!-- \/ Yoast SEO plugin. -->","yoast_head_json":{"title":"Milj\u00f6policy - Walln\u00e4s - S\u00e5gverk i J\u00f6nk\u00f6ping, Sm\u00e5land f\u00f6r grova specialdimensioner","robots":{"index":"index","follow":"follow","max-snippet":"max-snippet:-1","max-image-preview":"max-image-preview:large","max-video-preview":"max-video-preview:-1"},"canonical":"https:\/\/wallnas.se\/de_de\/miljopolicy\/","og_locale":"de_DE","og_type":"article","og_title":"Milj\u00f6policy - Walln\u00e4s - S\u00e5gverk i J\u00f6nk\u00f6ping, Sm\u00e5land f\u00f6r grova specialdimensioner","og_description":"Walln\u00e4s Timber AB skall som f\u00f6rbrukare av skoglig r\u00e5vara och med tr\u00e4f\u00f6r\u00e4dlande industri verka f\u00f6r att verksamheten bedrivs p\u00e5 ett s\u00e5 skonsamt s\u00e4tt som m\u00f6jligt, f\u00f6r milj\u00f6n och f\u00f6r de anst\u00e4llda. Vi skall uppfylla g\u00e4llande lagstiftning samt f\u00f6lja PEFC (PEFC\/05-32-202) och FSC\u00ae (FSC-C125348):s krav och intentioner, och s\u00e5 l\u00e5ngt m\u00f6jligt f\u00f6rvissa oss om att r\u00e5varan [&hellip;]","og_url":"https:\/\/wallnas.se\/de_de\/miljopolicy\/","og_site_name":"Walln\u00e4s - S\u00e5gverk i J\u00f6nk\u00f6ping, Sm\u00e5land f\u00f6r grova specialdimensioner","article_modified_time":"2025-05-15T14:38:21+00:00","og_image":[{"width":1200,"height":1800,"url":"https:\/\/wallnas.se\/wp-content\/uploads\/2025\/05\/Flismaskin_hog.jpg","type":"image\/jpeg"}],"twitter_card":"summary_large_image","twitter_misc":{"Gesch\u00e4tzte Lesezeit":"2\u00a0Minuten"},"schema":{"@context":"https:\/\/schema.org","@graph":[{"@type":"WebPage","@id":"https:\/\/wallnas.se\/miljopolicy\/","url":"https:\/\/wallnas.se\/miljopolicy\/","name":"Milj\u00f6policy - Walln\u00e4s - S\u00e5gverk i J\u00f6nk\u00f6ping, Sm\u00e5land f\u00f6r grova specialdimensioner","isPartOf":{"@id":"https:\/\/wallnas.se\/#website"},"primaryImageOfPage":{"@id":"https:\/\/wallnas.se\/miljopolicy\/#primaryimage"},"image":{"@id":"https:\/\/wallnas.se\/miljopolicy\/#primaryimage"},"thumbnailUrl":"https:\/\/wallnas.se\/wp-content\/uploads\/2025\/05\/Flismaskin_hog-683x1024.jpg","datePublished":"2025-05-15T12:24:42+00:00","dateModified":"2025-05-15T14:38:21+00:00","breadcrumb":{"@id":"https:\/\/wallnas.se\/miljopolicy\/#breadcrumb"},"inLanguage":"de","potentialAction":[{"@type":"ReadAction","target":["https:\/\/wallnas.se\/miljopolicy\/"]}]},{"@type":"ImageObject","inLanguage":"de","@id":"https:\/\/wallnas.se\/miljopolicy\/#primaryimage","url":"https:\/\/wallnas.se\/wp-content\/uploads\/2025\/05\/Flismaskin_hog-683x1024.jpg","contentUrl":"https:\/\/wallnas.se\/wp-content\/uploads\/2025\/05\/Flismaskin_hog-683x1024.jpg"},{"@type":"BreadcrumbList","@id":"https:\/\/wallnas.se\/miljopolicy\/#breadcrumb","itemListElement":[{"@type":"ListItem","position":1,"name":"Hem","item":"https:\/\/wallnas.se\/"},{"@type":"ListItem","position":2,"name":"Milj\u00f6policy"}]},{"@type":"WebSite","@id":"https:\/\/wallnas.se\/#website","url":"https:\/\/wallnas.se\/","name":"Walln\u00e4s - S\u00e5gverk i J\u00f6nk\u00f6ping, Sm\u00e5land f\u00f6r grova specialdimensioner","description":"Vi \u00e4r specialister p\u00e5 grova virkesdimensioner och grov skog. I mer \u00e4n 100 \u00e5r \u00e4r vi k\u00e4nda f\u00f6r v\u00e5r passion f\u00f6r h\u00f6g kvalitet och kundanpassade produkter. S\u00e5gverket \u00e4r v\u00e4l anpassat f\u00f6r en effektiv hantering av grova dimensioner p\u00e5 s\u00e5gat och hyvlat virke upp till 100 x 300mm.","potentialAction":[{"@type":"SearchAction","target":{"@type":"EntryPoint","urlTemplate":"https:\/\/wallnas.se\/?s={search_term_string}"},"query-input":{"@type":"PropertyValueSpecification","valueRequired":true,"valueName":"search_term_string"}}],"inLanguage":"de"}]}},"_links":{"self":[{"href":"https:\/\/wallnas.se\/de_de\/wp-json\/wp\/v2\/pages\/14","targetHints":{"allow":["GET"]}}],"collection":[{"href":"https:\/\/wallnas.se\/de_de\/wp-json\/wp\/v2\/pages"}],"about":[{"href":"https:\/\/wallnas.se\/de_de\/wp-json\/wp\/v2\/types\/page"}],"author":[{"embeddable":true,"href":"https:\/\/wallnas.se\/de_de\/wp-json\/wp\/v2\/users\/1"}],"replies":[{"embeddable":true,"href":"https:\/\/wallnas.se\/de_de\/wp-json\/wp\/v2\/comments?post=14"}],"version-history":[{"count":4,"href":"https:\/\/wallnas.se\/de_de\/wp-json\/wp\/v2\/pages\/14\/revisions"}],"predecessor-version":[{"id":181,"href":"https:\/\/wallnas.se\/de_de\/wp-json\/wp\/v2\/pages\/14\/revisions\/181"}],"wp:attachment":[{"href":"https:\/\/wallnas.se\/de_de\/wp-json\/wp\/v2\/media?parent=14"}],"curies":[{"name":"wp","href":"https:\/\/api.w.org\/{rel}","templated":true}]}}